{"id":65,"date":"2015-05-20T20:16:09","date_gmt":"2015-05-20T20:16:09","guid":{"rendered":"http:\/\/energeticienne-audibert.com\/WordPress\/?page_id=65"},"modified":"2018-07-09T17:44:40","modified_gmt":"2018-07-09T17:44:40","slug":"lenergetique","status":"publish","type":"page","link":"https:\/\/energeticienne-audibert.com\/Montpellier\/la-therapie-energetique\/lenergetique","title":{"rendered":"L&rsquo;\u00e9nerg\u00e9tique"},"content":{"rendered":"<div id=\"pl-65\"  class=\"panel-layout\" ><div id=\"pg-65-0\"  class=\"panel-grid panel-no-style\" ><div id=\"pgc-65-0-0\"  class=\"panel-grid-cell\" ><div id=\"panel-65-0-0-0\" class=\"widget_text so-panel widget widget_custom_html panel-first-child panel-last-child\" data-index=\"0\" ><h3 class=\"widget-title\">L&rsquo;anatomie \u00e9nerg\u00e9tique<\/h3><div class=\"textwidget custom-html-widget\"><br \/><img decoding=\"async\" src=\"http:\/\/energeticienne-audibert.com\/Montpellier\/wp-content\/uploads\/2010\/11\/lescorps.png\" alt=\"Le corps \u00e9th\u00e9rique \/ \u00e9motionnel \/ mental \/ spirituel \/ athmique\" border=\"0\" \/><br \/><p style=\"font-size: 10px; \"><strong> Le corps \u00e9th\u00e9rique \/ \u00e9motionnel \/ mental \/ spirituel \/ athmique.<\/strong><\/p>\nL'\u00eatre humain est compos\u00e9e de plusieurs enveloppes appel\u00e9es aussi \u00ab corps \u00e9nerg\u00e9tiques \u00bb qui, selon diff\u00e9rentes traditions, se comptent au nombre de 3 \u00e0 12.\n\nChaque enveloppe a son syst\u00e8me de ramification permettant la transmission de l'\u00e9nergie dans cette enveloppe.\n\nIl existe \u00e9galement des liens permettant la communication entre les enveloppes.<\/div><\/div><\/div><div id=\"pgc-65-0-1\"  class=\"panel-grid-cell\" ><div id=\"panel-65-0-1-0\" class=\"widget_text so-panel widget widget_custom_html panel-first-child panel-last-child\" data-index=\"1\" ><h3 class=\"widget-title\">Les chakras<\/h3><div class=\"textwidget custom-html-widget\"><br \/><a href=\"http:\/\/energeticienne-audibert.com\/Montpellier\/wp-content\/uploads\/2010\/11\/schema2b.jpg\" target=\"_blank\" ><img decoding=\"async\"  src=\"http:\/\/energeticienne-audibert.com\/Montpellier\/wp-content\/uploads\/2010\/11\/schema2b-158x300.jpg\" alt=\"\" srcset=\"http:\/\/energeticienne-audibert.com\/Montpellier\/wp-content\/uploads\/2010\/11\/schema2b-158x300.jpg 158w, http:\/\/energeticienne-audibert.com\/Montpellier\/wp-content\/uploads\/2010\/11\/schema2b.jpg 280w\" sizes=\"(max-width: 158px) 100vw, 158px\" alt=\"description\" border=\"0\"  \/><\/a><br \/><br \/>\u00c0 l'int\u00e9rieur de chaque corps, s'alignent le long de la colonne vert\u00e9brale des centres \u00e9nerg\u00e9tiques appel\u00e9s Chakras \u00ab principaux \u00bb, dont le nombre varie selon les traditions de 5 \u00e0 12.\nIls sont reli\u00e9s entre eux par un canal vertical permettant \u00e0 l'\u00e9nergie de circuler de la terre vers le ciel et vice versa.\nLa structure pr\u00e9sente aussi une multitude d'autres chakras dit \u00ab secondaire \u00bb dans toutes les parties des diff\u00e9rents corps, ayant des liens entre eux.\n\nIls jouent un double r\u00f4le dans les \u00e9changes d'\u00e9nergie entre int\u00e9rieur et ext\u00e9rieur\u00a0:\n\n\u2212 capter l'\u00e9nergie de l'environnement proche pour percevoir et conceptualiser son univers proche,\n\n\u2212 \u00e9mettre de l'\u00e9nergie vers l'ext\u00e9rieur. Chaque chakra \u00e9met une \u00e9nergie propre ayant un taux vibratoire particulier, une couleur dominante personnelle, une repr\u00e9sentation symbolique associ\u00e9.\n<p style=\"font-style: italic; font-size: 11px; color: #333333;\">Pour plus d'information voir sch\u00e9mas dans le sous-menu <a href=\"http:\/\/energeticienne-audibert.com\/Montpellier\/la-therapie-energetique\/en-savoir-plus\">en savoir plus<\/a> : liens entre les diff\u00e9rents chakras dans les corps \u00e9nerg\u00e9tiques (dessin formation D. lussan)<\/p><\/div><\/div><\/div><div id=\"pgc-65-0-2\"  class=\"panel-grid-cell\" ><div id=\"panel-65-0-2-0\" class=\"widget_text so-panel widget widget_custom_html panel-first-child panel-last-child\" data-index=\"2\" ><h3 class=\"widget-title\">Le mot \u00ab\u00a0Chakra\u00a0\u00bb<\/h3><div class=\"textwidget custom-html-widget\"><br \/><img decoding=\"async\" src=\"http:\/\/energeticienne-audibert.com\/Montpellier\/wp-content\/uploads\/2010\/11\/schema3b.jpg\" alt=\"Chaine de chakras ant\u00e9rieure et post\u00e9rieure\" border=\"0\" \/> <br \/><p style=\"font-size: 10px;\"><strong>Chaine de chakras ant\u00e9rieure et post\u00e9rieure<\/strong><\/p>Terme sanscrit signifiant \u00ab roue \u00bb. Il s'agit de points occultes de jonctions des canaux subtils (nadis) par o\u00f9, selon la physiologie hindoue, circule l'\u00e9nergie vitale.\nCes centres de conscience de la physiologie mystique, \u00e9tag\u00e9s le long de la colonne vert\u00e9brale jusqu'au sommet de la t\u00eate, peuvent \u00eatre qualifi\u00e9s de tourbillons de mati\u00e8re \u00e9th\u00e9rique. Ext. \u00ab Dictionnaire des symboles \u00bb de J. Chevallier et A. Gheerbrant.\n\nCanal principal reliant les diff\u00e9rents chakras entre eux.\n\nChaine de chakras ant\u00e9rieure et post\u00e9rieure.<\/div><\/div><\/div><\/div><div id=\"pg-65-1\"  class=\"panel-grid panel-no-style\" ><div id=\"pgc-65-1-0\"  class=\"panel-grid-cell panel-grid-cell-mobile-last\" ><div id=\"panel-65-1-0-0\" class=\"so-panel widget widget_media_image panel-first-child panel-last-child\" data-index=\"3\" ><a href=\"https:\/\/energeticienne-audibert.com\/Montpellier\/wp-content\/uploads\/2010\/11\/schema2b.jpg\"><img loading=\"lazy\" decoding=\"async\" width=\"158\" height=\"300\" src=\"https:\/\/energeticienne-audibert.com\/Montpellier\/wp-content\/uploads\/2010\/11\/schema2b-158x300.jpg\" class=\"image wp-image-523  attachment-medium size-medium\" alt=\"\" style=\"max-width: 100%; height: auto;\" srcset=\"https:\/\/energeticienne-audibert.com\/Montpellier\/wp-content\/uploads\/2010\/11\/schema2b-158x300.jpg 158w, https:\/\/energeticienne-audibert.com\/Montpellier\/wp-content\/uploads\/2010\/11\/schema2b.jpg 280w\" sizes=\"auto, (max-width: 158px) 100vw, 158px\" \/><\/a><\/div><\/div><div id=\"pgc-65-1-1\"  class=\"panel-grid-cell panel-grid-cell-empty\" ><\/div><\/div><\/div>","protected":false},"excerpt":{"rendered":"<p>L&rsquo;anatomie \u00e9nerg\u00e9tique Le corps \u00e9th\u00e9rique \/ \u00e9motionnel \/ mental \/ spirituel \/ athmique. L&rsquo;\u00eatre humain est compos\u00e9e de plusieurs [&hellip;]<\/p>\n","protected":false},"author":2,"featured_media":0,"parent":62,"menu_order":1,"comment_status":"closed","ping_status":"closed","template":"","meta":{"footnotes":""},"class_list":["post-65","page","type-page","status-publish","hentry"],"yoast_head":"<!-- This site is optimized with the Yoast SEO plugin v27.5 - https:\/\/yoast.com\/product\/yoast-seo-wordpress\/ -->\n<title>L&#039;\u00e9nerg\u00e9tique - Genevi\u00e8ve Audibert \u00e9nerg\u00e9ticienne<\/title>\n<meta name=\"robots\" content=\"index, follow, max-snippet:-1, max-image-preview:large, max-video-preview:-1\" \/>\n<link rel=\"canonical\" href=\"https:\/\/energeticienne-audibert.com\/Montpellier\/la-therapie-energetique\/lenergetique\" \/>\n<meta property=\"og:locale\" content=\"fr_FR\" \/>\n<meta property=\"og:type\" content=\"article\" \/>\n<meta property=\"og:title\" content=\"L&#039;\u00e9nerg\u00e9tique - Genevi\u00e8ve Audibert \u00e9nerg\u00e9ticienne\" \/>\n<meta property=\"og:description\" content=\"L&rsquo;anatomie \u00e9nerg\u00e9tique Le corps \u00e9th\u00e9rique \/ \u00e9motionnel \/ mental \/ spirituel \/ athmique. L&#039;\u00eatre humain est compos\u00e9e de plusieurs [&hellip;]\" \/>\n<meta property=\"og:url\" content=\"https:\/\/energeticienne-audibert.com\/Montpellier\/la-therapie-energetique\/lenergetique\" \/>\n<meta property=\"og:site_name\" content=\"Genevi\u00e8ve Audibert \u00e9nerg\u00e9ticienne\" \/>\n<meta property=\"article:modified_time\" content=\"2018-07-09T17:44:40+00:00\" \/>\n<meta name=\"twitter:card\" content=\"summary_large_image\" \/>\n<script type=\"application\/ld+json\" class=\"yoast-schema-graph\">{\"@context\":\"https:\\\/\\\/schema.org\",\"@graph\":[{\"@type\":\"WebPage\",\"@id\":\"https:\\\/\\\/energeticienne-audibert.com\\\/Montpellier\\\/la-therapie-energetique\\\/lenergetique\",\"url\":\"https:\\\/\\\/energeticienne-audibert.com\\\/Montpellier\\\/la-therapie-energetique\\\/lenergetique\",\"name\":\"L'\u00e9nerg\u00e9tique - Genevi\u00e8ve Audibert \u00e9nerg\u00e9ticienne\",\"isPartOf\":{\"@id\":\"https:\\\/\\\/energeticienne-audibert.com\\\/Montpellier\\\/#website\"},\"datePublished\":\"2015-05-20T20:16:09+00:00\",\"dateModified\":\"2018-07-09T17:44:40+00:00\",\"breadcrumb\":{\"@id\":\"https:\\\/\\\/energeticienne-audibert.com\\\/Montpellier\\\/la-therapie-energetique\\\/lenergetique#breadcrumb\"},\"inLanguage\":\"fr-FR\",\"potentialAction\":[{\"@type\":\"ReadAction\",\"target\":[\"https:\\\/\\\/energeticienne-audibert.com\\\/Montpellier\\\/la-therapie-energetique\\\/lenergetique\"]}]},{\"@type\":\"BreadcrumbList\",\"@id\":\"https:\\\/\\\/energeticienne-audibert.com\\\/Montpellier\\\/la-therapie-energetique\\\/lenergetique#breadcrumb\",\"itemListElement\":[{\"@type\":\"ListItem\",\"position\":1,\"name\":\"Accueil\",\"item\":\"https:\\\/\\\/energeticienne-audibert.com\\\/Montpellier\\\/\"},{\"@type\":\"ListItem\",\"position\":2,\"name\":\"La th\u00e9rapie \u00e9nerg\u00e9tique\",\"item\":\"https:\\\/\\\/energeticienne-audibert.com\\\/Montpellier\\\/la-therapie-energetique\"},{\"@type\":\"ListItem\",\"position\":3,\"name\":\"L&rsquo;\u00e9nerg\u00e9tique\"}]},{\"@type\":\"WebSite\",\"@id\":\"https:\\\/\\\/energeticienne-audibert.com\\\/Montpellier\\\/#website\",\"url\":\"https:\\\/\\\/energeticienne-audibert.com\\\/Montpellier\\\/\",\"name\":\"Genevi\u00e8ve Audibert \u00e9nerg\u00e9ticienne\",\"description\":\"\",\"publisher\":{\"@id\":\"https:\\\/\\\/energeticienne-audibert.com\\\/Montpellier\\\/#organization\"},\"potentialAction\":[{\"@type\":\"SearchAction\",\"target\":{\"@type\":\"EntryPoint\",\"urlTemplate\":\"https:\\\/\\\/energeticienne-audibert.com\\\/Montpellier\\\/?s={search_term_string}\"},\"query-input\":{\"@type\":\"PropertyValueSpecification\",\"valueRequired\":true,\"valueName\":\"search_term_string\"}}],\"inLanguage\":\"fr-FR\"},{\"@type\":\"Organization\",\"@id\":\"https:\\\/\\\/energeticienne-audibert.com\\\/Montpellier\\\/#organization\",\"name\":\"Genevi\u00e8ve Audibert \u00e9nerg\u00e9ticienne\",\"url\":\"https:\\\/\\\/energeticienne-audibert.com\\\/Montpellier\\\/\",\"logo\":{\"@type\":\"ImageObject\",\"inLanguage\":\"fr-FR\",\"@id\":\"https:\\\/\\\/energeticienne-audibert.com\\\/Montpellier\\\/#\\\/schema\\\/logo\\\/image\\\/\",\"url\":\"https:\\\/\\\/energeticienne-audibert.com\\\/Montpellier\\\/wp-content\\\/uploads\\\/2019\\\/01\\\/cropped-logo-genevieve-307.png\",\"contentUrl\":\"https:\\\/\\\/energeticienne-audibert.com\\\/Montpellier\\\/wp-content\\\/uploads\\\/2019\\\/01\\\/cropped-logo-genevieve-307.png\",\"width\":250,\"height\":253,\"caption\":\"Genevi\u00e8ve Audibert \u00e9nerg\u00e9ticienne\"},\"image\":{\"@id\":\"https:\\\/\\\/energeticienne-audibert.com\\\/Montpellier\\\/#\\\/schema\\\/logo\\\/image\\\/\"}}]}<\/script>\n<!-- \/ Yoast SEO plugin. -->","yoast_head_json":{"title":"L'\u00e9nerg\u00e9tique - Genevi\u00e8ve Audibert \u00e9nerg\u00e9ticienne","robots":{"index":"index","follow":"follow","max-snippet":"max-snippet:-1","max-image-preview":"max-image-preview:large","max-video-preview":"max-video-preview:-1"},"canonical":"https:\/\/energeticienne-audibert.com\/Montpellier\/la-therapie-energetique\/lenergetique","og_locale":"fr_FR","og_type":"article","og_title":"L'\u00e9nerg\u00e9tique - Genevi\u00e8ve Audibert \u00e9nerg\u00e9ticienne","og_description":"L&rsquo;anatomie \u00e9nerg\u00e9tique Le corps \u00e9th\u00e9rique \/ \u00e9motionnel \/ mental \/ spirituel \/ athmique. L'\u00eatre humain est compos\u00e9e de plusieurs [&hellip;]","og_url":"https:\/\/energeticienne-audibert.com\/Montpellier\/la-therapie-energetique\/lenergetique","og_site_name":"Genevi\u00e8ve Audibert \u00e9nerg\u00e9ticienne","article_modified_time":"2018-07-09T17:44:40+00:00","twitter_card":"summary_large_image","schema":{"@context":"https:\/\/schema.org","@graph":[{"@type":"WebPage","@id":"https:\/\/energeticienne-audibert.com\/Montpellier\/la-therapie-energetique\/lenergetique","url":"https:\/\/energeticienne-audibert.com\/Montpellier\/la-therapie-energetique\/lenergetique","name":"L'\u00e9nerg\u00e9tique - Genevi\u00e8ve Audibert \u00e9nerg\u00e9ticienne","isPartOf":{"@id":"https:\/\/energeticienne-audibert.com\/Montpellier\/#website"},"datePublished":"2015-05-20T20:16:09+00:00","dateModified":"2018-07-09T17:44:40+00:00","breadcrumb":{"@id":"https:\/\/energeticienne-audibert.com\/Montpellier\/la-therapie-energetique\/lenergetique#breadcrumb"},"inLanguage":"fr-FR","potentialAction":[{"@type":"ReadAction","target":["https:\/\/energeticienne-audibert.com\/Montpellier\/la-therapie-energetique\/lenergetique"]}]},{"@type":"BreadcrumbList","@id":"https:\/\/energeticienne-audibert.com\/Montpellier\/la-therapie-energetique\/lenergetique#breadcrumb","itemListElement":[{"@type":"ListItem","position":1,"name":"Accueil","item":"https:\/\/energeticienne-audibert.com\/Montpellier\/"},{"@type":"ListItem","position":2,"name":"La th\u00e9rapie \u00e9nerg\u00e9tique","item":"https:\/\/energeticienne-audibert.com\/Montpellier\/la-therapie-energetique"},{"@type":"ListItem","position":3,"name":"L&rsquo;\u00e9nerg\u00e9tique"}]},{"@type":"WebSite","@id":"https:\/\/energeticienne-audibert.com\/Montpellier\/#website","url":"https:\/\/energeticienne-audibert.com\/Montpellier\/","name":"Genevi\u00e8ve Audibert \u00e9nerg\u00e9ticienne","description":"","publisher":{"@id":"https:\/\/energeticienne-audibert.com\/Montpellier\/#organization"},"potentialAction":[{"@type":"SearchAction","target":{"@type":"EntryPoint","urlTemplate":"https:\/\/energeticienne-audibert.com\/Montpellier\/?s={search_term_string}"},"query-input":{"@type":"PropertyValueSpecification","valueRequired":true,"valueName":"search_term_string"}}],"inLanguage":"fr-FR"},{"@type":"Organization","@id":"https:\/\/energeticienne-audibert.com\/Montpellier\/#organization","name":"Genevi\u00e8ve Audibert \u00e9nerg\u00e9ticienne","url":"https:\/\/energeticienne-audibert.com\/Montpellier\/","logo":{"@type":"ImageObject","inLanguage":"fr-FR","@id":"https:\/\/energeticienne-audibert.com\/Montpellier\/#\/schema\/logo\/image\/","url":"https:\/\/energeticienne-audibert.com\/Montpellier\/wp-content\/uploads\/2019\/01\/cropped-logo-genevieve-307.png","contentUrl":"https:\/\/energeticienne-audibert.com\/Montpellier\/wp-content\/uploads\/2019\/01\/cropped-logo-genevieve-307.png","width":250,"height":253,"caption":"Genevi\u00e8ve Audibert \u00e9nerg\u00e9ticienne"},"image":{"@id":"https:\/\/energeticienne-audibert.com\/Montpellier\/#\/schema\/logo\/image\/"}}]}},"_links":{"self":[{"href":"https:\/\/energeticienne-audibert.com\/Montpellier\/wp-json\/wp\/v2\/pages\/65","targetHints":{"allow":["GET"]}}],"collection":[{"href":"https:\/\/energeticienne-audibert.com\/Montpellier\/wp-json\/wp\/v2\/pages"}],"about":[{"href":"https:\/\/energeticienne-audibert.com\/Montpellier\/wp-json\/wp\/v2\/types\/page"}],"author":[{"embeddable":true,"href":"https:\/\/energeticienne-audibert.com\/Montpellier\/wp-json\/wp\/v2\/users\/2"}],"replies":[{"embeddable":true,"href":"https:\/\/energeticienne-audibert.com\/Montpellier\/wp-json\/wp\/v2\/comments?post=65"}],"version-history":[{"count":55,"href":"https:\/\/energeticienne-audibert.com\/Montpellier\/wp-json\/wp\/v2\/pages\/65\/revisions"}],"predecessor-version":[{"id":1880,"href":"https:\/\/energeticienne-audibert.com\/Montpellier\/wp-json\/wp\/v2\/pages\/65\/revisions\/1880"}],"up":[{"embeddable":true,"href":"https:\/\/energeticienne-audibert.com\/Montpellier\/wp-json\/wp\/v2\/pages\/62"}],"wp:attachment":[{"href":"https:\/\/energeticienne-audibert.com\/Montpellier\/wp-json\/wp\/v2\/media?parent=65"}],"curies":[{"name":"wp","href":"https:\/\/api.w.org\/{rel}","templated":true}]}}