{"id":1822,"date":"2018-07-09T16:09:19","date_gmt":"2018-07-09T16:09:19","guid":{"rendered":"http:\/\/energeticienne-audibert.com\/Montpellier\/?page_id=1822"},"modified":"2023-01-03T09:21:03","modified_gmt":"2023-01-03T09:21:03","slug":"seance-photo-aura-et-chakra-2","status":"publish","type":"page","link":"https:\/\/energeticienne-audibert.com\/Montpellier\/","title":{"rendered":"S\u00e9ance photo Aura et Chakra"},"content":{"rendered":"<p>Gr\u00e2ce au proc\u00e9d\u00e9 WIN AURA, vous pouvez voir votre aura autour de la t\u00eate , voir vos chakras et votre aura en mouvement.<br \/>\nVous d\u00e9couvrez les couleurs qui colorent votre aura, la taille, la couleur et la vitalit\u00e9 de vos chakras.<br \/>\nVous avez acc\u00e8s \u00e0 votre \u00ab\u00a0\u00eatre \u00e9nerg\u00e9tique\u00a0\u00bb.<br \/>\nCe proc\u00e9d\u00e9 permet de comprendre votre structure en fonction des exp\u00e9riences que vous vivez, les ressources que vous utilisez, r\u00e9v\u00e9l\u00e9s par les photos d&rsquo;aura et des chakras.<\/p>\n<h2><strong>D\u00e9roulement d&rsquo;une s\u00e9ance<br \/>\n<\/strong><\/h2>\n<p>Mise en route de la s\u00e9ance, vision de l&rsquo;aura, visions des chakras.<br \/>\nSaisie de la photo.<br \/>\n\u00c9changes et explications des photos, des chakras de votre structure, de vos points forts.<br \/>\nReprise de la s\u00e9ance, vision en 3D, apporte d&rsquo;autres \u00e9l\u00e9ments sur votre fonctionnement \u00e9nerg\u00e9tique.<\/p>\n<p style=\"padding-left: 30px;\"><strong>\u00c0 la fin de la s\u00e9ance, vous repartez avec :<\/strong><br \/>\n<strong><em>Votre photo d&rsquo;Aura, les 7 chakras + votre aura autour du corps + un texte explicatif \u00e0 t\u00e9l\u00e9charger sur cl\u00e9 USB. (Pensez \u00e0 apporter une cl\u00e9 USB pour l&rsquo;enregistrement).<\/em><\/strong><br \/>\n<strong>S\u00e9ance Photo diagnostic : 65\u20ac<\/strong><\/p>\n<table>\n<tbody>\n<tr>\n<td><a href=\"http:\/\/energeticienne-audibert.com\/Montpellier\/wp-content\/uploads\/2017\/01\/AURA-A3.jpg\"><img loading=\"lazy\" decoding=\"async\" class=\"alignnone size-full wp-image-1312\" src=\"http:\/\/energeticienne-audibert.com\/Montpellier\/wp-content\/uploads\/2017\/01\/AURA-A3.jpg\" alt=\"AURA-A3\" width=\"250\" height=\"171\" \/><\/a><\/td>\n<td width=\"15\"><\/td>\n<td><a href=\"http:\/\/energeticienne-audibert.com\/Montpellier\/wp-content\/uploads\/2017\/01\/AURA-A.jpg\"><img loading=\"lazy\" decoding=\"async\" class=\"alignnone size-full wp-image-1310\" src=\"http:\/\/energeticienne-audibert.com\/Montpellier\/wp-content\/uploads\/2017\/01\/AURA-A.jpg\" alt=\"AURA-A\" width=\"250\" height=\"171\" \/><\/a><\/td>\n<td width=\"15\"><\/td>\n<td><a href=\"http:\/\/energeticienne-audibert.com\/Montpellier\/wp-content\/uploads\/2017\/01\/AURA-A2.jpg\"><img loading=\"lazy\" decoding=\"async\" class=\"alignnone size-full wp-image-1311\" src=\"http:\/\/energeticienne-audibert.com\/Montpellier\/wp-content\/uploads\/2017\/01\/AURA-A2.jpg\" alt=\"AURA-A2\" width=\"250\" height=\"171\" \/><\/a><\/td>\n<\/tr>\n<\/tbody>\n<\/table>\n<h2><strong><br \/>\nComment utiliser la vision de l&rsquo;aura<\/strong><\/h2>\n<p>Elle permet de voir l&rsquo;impalpable, le v\u00e9cu de l&rsquo;instant, les pens\u00e9es qui d\u00e9filent : \u00e0 chacune ses couleurs. Par l&rsquo;intention, par la concentration, ou par la m\u00e9ditation, vous pouvez amener d&rsquo;autres couleurs dans votre aura. C&rsquo;est une mani\u00e8re diff\u00e9rente de vous d\u00e9couvrir dans cet instant, de comprendre vos forces et de les d\u00e9velopper, de rep\u00e9rer vos instabilit\u00e9s, vos blocages et de pouvoir les transformer.<\/p>\n<h2><strong>Les chakras et leurs significations<\/strong><\/h2>\n<ul>\n<li><strong>1er chakra :<\/strong> la capacit\u00e9 de survie, le d\u00e9sir d&rsquo;agir, l&rsquo;action en lien avec vos besoins mat\u00e9riels, la capacit\u00e9 \u00e0 s&rsquo;imposer, le lien avec la terre.<\/li>\n<li><strong>2e chakra :<\/strong> toutes les \u00e9motions, le centre reli\u00e9 \u00e0 la sexualit\u00e9, en lien avec la sensualit\u00e9, la cr\u00e9ativit\u00e9.<\/li>\n<li><strong>3e chakra :<\/strong> le d\u00e9veloppement de la personnalit\u00e9, l&rsquo;influence, le pouvoir, l&rsquo;activit\u00e9 intellectuelle.<\/li>\n<li><strong>4e chakra :<\/strong> la gu\u00e9rison, l&rsquo;amour sous toutes ses formes, l&rsquo;aide pour trouver les moments de bonheur et pour les vivre, le d\u00e9vouement, la sollicitude qui peut aller jusqu&rsquo;\u00e0 l&rsquo;abn\u00e9gation.<\/li>\n<li><strong>5e chakra :<\/strong> l&rsquo;expression, l&rsquo;expression de soi, la cr\u00e9ativit\u00e9, la communication, l&rsquo;inspiration.<\/li>\n<li><strong>6e chakra :<\/strong> le si\u00e8ge de l&rsquo;intuition, de l&rsquo;\u00e9quilibre int\u00e9rieur. Il exprime la puissance de la volont\u00e9 et de l&rsquo;esprit, une qualit\u00e9 a ma\u00eetriser.<\/li>\n<li><strong>7e chakra :<\/strong> la connaissance, la spiritualit\u00e9, le l\u00e2cher-prise, la communication avec les niveaux de conscience sup\u00e9rieurs, les \u00e9nergies c\u00e9lestes, cosmiques&#8230;<\/li>\n<\/ul>\n<h2><\/h2>\n<h2><strong>Les couleurs de l&rsquo;Aura<\/strong><\/h2>\n<ul>\n<li><strong>Rouge :<\/strong> c&rsquo;est la force de l&rsquo;\u00e9nergie, de l&rsquo;enthousiasme, de la volont\u00e9.<\/li>\n<li><strong>Orange :<\/strong> c&rsquo;est la force de l&rsquo;harmonie, de l&rsquo;\u00e9quilibre, de l&rsquo;honn\u00eatet\u00e9.<\/li>\n<li><strong>Jaune :<\/strong> c&rsquo;est la force des sentiments, de la cr\u00e9ativit\u00e9, de la g\u00e9n\u00e9rosit\u00e9.<\/li>\n<li><strong>Verte :<\/strong> c&rsquo;est la force du don de soi, de la gu\u00e9rison, de l&rsquo;espoir.<\/li>\n<li><strong>Bleu :<\/strong> c&rsquo;est la force de la communication, de la puret\u00e9, de la paix.<\/li>\n<li><strong>Indigo :<\/strong> c&rsquo;est la force du lien \u00e0 la spiritualit\u00e9, de la contemplation, de la pri\u00e8re.<\/li>\n<li><strong>Violette :<\/strong> c&rsquo;est la force de l&rsquo;intuition, du lien aux plans sup\u00e9rieurs.<\/li>\n<li><strong>Blanche :<\/strong> c&rsquo;est la force de la puret\u00e9 d&rsquo;esprit, de la protection divine.<\/li>\n<\/ul>\n","protected":false},"excerpt":{"rendered":"<p>Gr\u00e2ce au proc\u00e9d\u00e9 WIN AURA, vous pouvez voir votre aura autour de la t\u00eate , voir vos chakras et [&hellip;]<\/p>\n","protected":false},"author":2,"featured_media":0,"parent":74,"menu_order":0,"comment_status":"closed","ping_status":"closed","template":"","meta":{"footnotes":""},"class_list":["post-1822","page","type-page","status-publish","hentry"],"yoast_head":"<!-- This site is optimized with the Yoast SEO plugin v27.5 - https:\/\/yoast.com\/product\/yoast-seo-wordpress\/ -->\n<title>S\u00e9ance photo Aura et Chakra - Genevi\u00e8ve Audibert \u00e9nerg\u00e9ticienne<\/title>\n<meta name=\"robots\" content=\"index, follow, max-snippet:-1, max-image-preview:large, max-video-preview:-1\" \/>\n<link rel=\"canonical\" href=\"https:\/\/energeticienne-audibert.com\/Montpellier\/\" \/>\n<meta property=\"og:locale\" content=\"fr_FR\" \/>\n<meta property=\"og:type\" content=\"article\" \/>\n<meta property=\"og:title\" content=\"S\u00e9ance photo Aura et Chakra - Genevi\u00e8ve Audibert \u00e9nerg\u00e9ticienne\" \/>\n<meta property=\"og:description\" content=\"Gr\u00e2ce au proc\u00e9d\u00e9 WIN AURA, vous pouvez voir votre aura autour de la t\u00eate , voir vos chakras et [&hellip;]\" \/>\n<meta property=\"og:url\" content=\"https:\/\/energeticienne-audibert.com\/Montpellier\/\" \/>\n<meta property=\"og:site_name\" content=\"Genevi\u00e8ve Audibert \u00e9nerg\u00e9ticienne\" \/>\n<meta property=\"article:modified_time\" content=\"2023-01-03T09:21:03+00:00\" \/>\n<meta property=\"og:image\" content=\"http:\/\/energeticienne-audibert.com\/Montpellier\/wp-content\/uploads\/2017\/01\/AURA-A3.jpg\" \/>\n<meta name=\"twitter:card\" content=\"summary_large_image\" \/>\n<meta name=\"twitter:label1\" content=\"Dur\u00e9e de lecture estim\u00e9e\" \/>\n\t<meta name=\"twitter:data1\" content=\"3 minutes\" \/>\n<script type=\"application\/ld+json\" class=\"yoast-schema-graph\">{\"@context\":\"https:\\\/\\\/schema.org\",\"@graph\":[{\"@type\":\"WebPage\",\"@id\":\"https:\\\/\\\/energeticienne-audibert.com\\\/Montpellier\\\/\",\"url\":\"https:\\\/\\\/energeticienne-audibert.com\\\/Montpellier\\\/\",\"name\":\"S\u00e9ance photo Aura et Chakra - Genevi\u00e8ve Audibert \u00e9nerg\u00e9ticienne\",\"isPartOf\":{\"@id\":\"https:\\\/\\\/energeticienne-audibert.com\\\/Montpellier\\\/#website\"},\"primaryImageOfPage\":{\"@id\":\"https:\\\/\\\/energeticienne-audibert.com\\\/Montpellier\\\/#primaryimage\"},\"image\":{\"@id\":\"https:\\\/\\\/energeticienne-audibert.com\\\/Montpellier\\\/#primaryimage\"},\"thumbnailUrl\":\"http:\\\/\\\/energeticienne-audibert.com\\\/Montpellier\\\/wp-content\\\/uploads\\\/2017\\\/01\\\/AURA-A3.jpg\",\"datePublished\":\"2018-07-09T16:09:19+00:00\",\"dateModified\":\"2023-01-03T09:21:03+00:00\",\"breadcrumb\":{\"@id\":\"https:\\\/\\\/energeticienne-audibert.com\\\/Montpellier\\\/#breadcrumb\"},\"inLanguage\":\"fr-FR\",\"potentialAction\":[{\"@type\":\"ReadAction\",\"target\":[\"https:\\\/\\\/energeticienne-audibert.com\\\/Montpellier\\\/\"]}]},{\"@type\":\"ImageObject\",\"inLanguage\":\"fr-FR\",\"@id\":\"https:\\\/\\\/energeticienne-audibert.com\\\/Montpellier\\\/#primaryimage\",\"url\":\"https:\\\/\\\/energeticienne-audibert.com\\\/Montpellier\\\/wp-content\\\/uploads\\\/2017\\\/01\\\/AURA-A3.jpg\",\"contentUrl\":\"https:\\\/\\\/energeticienne-audibert.com\\\/Montpellier\\\/wp-content\\\/uploads\\\/2017\\\/01\\\/AURA-A3.jpg\",\"width\":250,\"height\":171},{\"@type\":\"BreadcrumbList\",\"@id\":\"https:\\\/\\\/energeticienne-audibert.com\\\/Montpellier\\\/#breadcrumb\",\"itemListElement\":[{\"@type\":\"ListItem\",\"position\":1,\"name\":\"Accueil\",\"item\":\"https:\\\/\\\/energeticienne-audibert.com\\\/Montpellier\\\/\"},{\"@type\":\"ListItem\",\"position\":2,\"name\":\"Les soins\",\"item\":\"https:\\\/\\\/energeticienne-audibert.com\\\/Montpellier\\\/les-soins\"},{\"@type\":\"ListItem\",\"position\":3,\"name\":\"S\u00e9ance photo Aura et Chakra\"}]},{\"@type\":\"WebSite\",\"@id\":\"https:\\\/\\\/energeticienne-audibert.com\\\/Montpellier\\\/#website\",\"url\":\"https:\\\/\\\/energeticienne-audibert.com\\\/Montpellier\\\/\",\"name\":\"Genevi\u00e8ve Audibert \u00e9nerg\u00e9ticienne\",\"description\":\"\",\"publisher\":{\"@id\":\"https:\\\/\\\/energeticienne-audibert.com\\\/Montpellier\\\/#organization\"},\"potentialAction\":[{\"@type\":\"SearchAction\",\"target\":{\"@type\":\"EntryPoint\",\"urlTemplate\":\"https:\\\/\\\/energeticienne-audibert.com\\\/Montpellier\\\/?s={search_term_string}\"},\"query-input\":{\"@type\":\"PropertyValueSpecification\",\"valueRequired\":true,\"valueName\":\"search_term_string\"}}],\"inLanguage\":\"fr-FR\"},{\"@type\":\"Organization\",\"@id\":\"https:\\\/\\\/energeticienne-audibert.com\\\/Montpellier\\\/#organization\",\"name\":\"Genevi\u00e8ve Audibert \u00e9nerg\u00e9ticienne\",\"url\":\"https:\\\/\\\/energeticienne-audibert.com\\\/Montpellier\\\/\",\"logo\":{\"@type\":\"ImageObject\",\"inLanguage\":\"fr-FR\",\"@id\":\"https:\\\/\\\/energeticienne-audibert.com\\\/Montpellier\\\/#\\\/schema\\\/logo\\\/image\\\/\",\"url\":\"https:\\\/\\\/energeticienne-audibert.com\\\/Montpellier\\\/wp-content\\\/uploads\\\/2019\\\/01\\\/cropped-logo-genevieve-307.png\",\"contentUrl\":\"https:\\\/\\\/energeticienne-audibert.com\\\/Montpellier\\\/wp-content\\\/uploads\\\/2019\\\/01\\\/cropped-logo-genevieve-307.png\",\"width\":250,\"height\":253,\"caption\":\"Genevi\u00e8ve Audibert \u00e9nerg\u00e9ticienne\"},\"image\":{\"@id\":\"https:\\\/\\\/energeticienne-audibert.com\\\/Montpellier\\\/#\\\/schema\\\/logo\\\/image\\\/\"}}]}<\/script>\n<!-- \/ Yoast SEO plugin. -->","yoast_head_json":{"title":"S\u00e9ance photo Aura et Chakra - Genevi\u00e8ve Audibert \u00e9nerg\u00e9ticienne","robots":{"index":"index","follow":"follow","max-snippet":"max-snippet:-1","max-image-preview":"max-image-preview:large","max-video-preview":"max-video-preview:-1"},"canonical":"https:\/\/energeticienne-audibert.com\/Montpellier\/","og_locale":"fr_FR","og_type":"article","og_title":"S\u00e9ance photo Aura et Chakra - Genevi\u00e8ve Audibert \u00e9nerg\u00e9ticienne","og_description":"Gr\u00e2ce au proc\u00e9d\u00e9 WIN AURA, vous pouvez voir votre aura autour de la t\u00eate , voir vos chakras et [&hellip;]","og_url":"https:\/\/energeticienne-audibert.com\/Montpellier\/","og_site_name":"Genevi\u00e8ve Audibert \u00e9nerg\u00e9ticienne","article_modified_time":"2023-01-03T09:21:03+00:00","og_image":[{"url":"http:\/\/energeticienne-audibert.com\/Montpellier\/wp-content\/uploads\/2017\/01\/AURA-A3.jpg","type":"","width":"","height":""}],"twitter_card":"summary_large_image","twitter_misc":{"Dur\u00e9e de lecture estim\u00e9e":"3 minutes"},"schema":{"@context":"https:\/\/schema.org","@graph":[{"@type":"WebPage","@id":"https:\/\/energeticienne-audibert.com\/Montpellier\/","url":"https:\/\/energeticienne-audibert.com\/Montpellier\/","name":"S\u00e9ance photo Aura et Chakra - Genevi\u00e8ve Audibert \u00e9nerg\u00e9ticienne","isPartOf":{"@id":"https:\/\/energeticienne-audibert.com\/Montpellier\/#website"},"primaryImageOfPage":{"@id":"https:\/\/energeticienne-audibert.com\/Montpellier\/#primaryimage"},"image":{"@id":"https:\/\/energeticienne-audibert.com\/Montpellier\/#primaryimage"},"thumbnailUrl":"http:\/\/energeticienne-audibert.com\/Montpellier\/wp-content\/uploads\/2017\/01\/AURA-A3.jpg","datePublished":"2018-07-09T16:09:19+00:00","dateModified":"2023-01-03T09:21:03+00:00","breadcrumb":{"@id":"https:\/\/energeticienne-audibert.com\/Montpellier\/#breadcrumb"},"inLanguage":"fr-FR","potentialAction":[{"@type":"ReadAction","target":["https:\/\/energeticienne-audibert.com\/Montpellier\/"]}]},{"@type":"ImageObject","inLanguage":"fr-FR","@id":"https:\/\/energeticienne-audibert.com\/Montpellier\/#primaryimage","url":"https:\/\/energeticienne-audibert.com\/Montpellier\/wp-content\/uploads\/2017\/01\/AURA-A3.jpg","contentUrl":"https:\/\/energeticienne-audibert.com\/Montpellier\/wp-content\/uploads\/2017\/01\/AURA-A3.jpg","width":250,"height":171},{"@type":"BreadcrumbList","@id":"https:\/\/energeticienne-audibert.com\/Montpellier\/#breadcrumb","itemListElement":[{"@type":"ListItem","position":1,"name":"Accueil","item":"https:\/\/energeticienne-audibert.com\/Montpellier\/"},{"@type":"ListItem","position":2,"name":"Les soins","item":"https:\/\/energeticienne-audibert.com\/Montpellier\/les-soins"},{"@type":"ListItem","position":3,"name":"S\u00e9ance photo Aura et Chakra"}]},{"@type":"WebSite","@id":"https:\/\/energeticienne-audibert.com\/Montpellier\/#website","url":"https:\/\/energeticienne-audibert.com\/Montpellier\/","name":"Genevi\u00e8ve Audibert \u00e9nerg\u00e9ticienne","description":"","publisher":{"@id":"https:\/\/energeticienne-audibert.com\/Montpellier\/#organization"},"potentialAction":[{"@type":"SearchAction","target":{"@type":"EntryPoint","urlTemplate":"https:\/\/energeticienne-audibert.com\/Montpellier\/?s={search_term_string}"},"query-input":{"@type":"PropertyValueSpecification","valueRequired":true,"valueName":"search_term_string"}}],"inLanguage":"fr-FR"},{"@type":"Organization","@id":"https:\/\/energeticienne-audibert.com\/Montpellier\/#organization","name":"Genevi\u00e8ve Audibert \u00e9nerg\u00e9ticienne","url":"https:\/\/energeticienne-audibert.com\/Montpellier\/","logo":{"@type":"ImageObject","inLanguage":"fr-FR","@id":"https:\/\/energeticienne-audibert.com\/Montpellier\/#\/schema\/logo\/image\/","url":"https:\/\/energeticienne-audibert.com\/Montpellier\/wp-content\/uploads\/2019\/01\/cropped-logo-genevieve-307.png","contentUrl":"https:\/\/energeticienne-audibert.com\/Montpellier\/wp-content\/uploads\/2019\/01\/cropped-logo-genevieve-307.png","width":250,"height":253,"caption":"Genevi\u00e8ve Audibert \u00e9nerg\u00e9ticienne"},"image":{"@id":"https:\/\/energeticienne-audibert.com\/Montpellier\/#\/schema\/logo\/image\/"}}]}},"_links":{"self":[{"href":"https:\/\/energeticienne-audibert.com\/Montpellier\/wp-json\/wp\/v2\/pages\/1822","targetHints":{"allow":["GET"]}}],"collection":[{"href":"https:\/\/energeticienne-audibert.com\/Montpellier\/wp-json\/wp\/v2\/pages"}],"about":[{"href":"https:\/\/energeticienne-audibert.com\/Montpellier\/wp-json\/wp\/v2\/types\/page"}],"author":[{"embeddable":true,"href":"https:\/\/energeticienne-audibert.com\/Montpellier\/wp-json\/wp\/v2\/users\/2"}],"replies":[{"embeddable":true,"href":"https:\/\/energeticienne-audibert.com\/Montpellier\/wp-json\/wp\/v2\/comments?post=1822"}],"version-history":[{"count":2,"href":"https:\/\/energeticienne-audibert.com\/Montpellier\/wp-json\/wp\/v2\/pages\/1822\/revisions"}],"predecessor-version":[{"id":2174,"href":"https:\/\/energeticienne-audibert.com\/Montpellier\/wp-json\/wp\/v2\/pages\/1822\/revisions\/2174"}],"up":[{"embeddable":true,"href":"https:\/\/energeticienne-audibert.com\/Montpellier\/wp-json\/wp\/v2\/pages\/74"}],"wp:attachment":[{"href":"https:\/\/energeticienne-audibert.com\/Montpellier\/wp-json\/wp\/v2\/media?parent=1822"}],"curies":[{"name":"wp","href":"https:\/\/api.w.org\/{rel}","templated":true}]}}